{"id":1244,"date":"2024-01-25T14:24:11","date_gmt":"2024-01-25T13:24:11","guid":{"rendered":"https:\/\/www.neteler.eu\/?page_id=1244"},"modified":"2024-07-23T10:04:12","modified_gmt":"2024-07-23T08:04:12","slug":"news","status":"publish","type":"page","link":"https:\/\/www.neteler.eu\/de\/news\/","title":{"rendered":"News"},"content":{"rendered":"\t\t<div data-elementor-type=\"wp-page\" data-elementor-id=\"1244\" class=\"elementor elementor-1244\" data-elementor-post-type=\"page\">\n\t\t\t\t<div class=\"elementor-element elementor-element-2efe7d2 e-con-full e-flex e-con e-parent\" data-id=\"2efe7d2\" data-element_type=\"container\">\n\t\t\t\t<div class=\"elementor-element elementor-element-a7dab6b elementor-widget elementor-widget-template\" data-id=\"a7dab6b\" data-element_type=\"widget\" data-widget_type=\"template.default\">\n\t\t\t\t<div class=\"elementor-widget-container\">\n\t\t\t\t\t<div class=\"elementor-template\">\n\t\t\t\t\t<div data-elementor-type=\"container\" data-elementor-id=\"8666\" class=\"elementor elementor-8666\" data-elementor-post-type=\"elementor_library\">\n\t\t\t\t<div class=\"elementor-element elementor-element-3799b24a e-flex e-con-boxed e-con e-parent\" data-id=\"3799b24a\" data-element_type=\"container\" data-settings=\"{&quot;background_background&quot;:&quot;classic&quot;}\">\n\t\t\t\t\t<div class=\"e-con-inner\">\n\t\t<div class=\"elementor-element elementor-element-30557511 e-flex e-con-boxed e-con e-child\" data-id=\"30557511\" data-element_type=\"container\">\n\t\t\t\t\t<div class=\"e-con-inner\">\n\t\t\t\t<div class=\"elementor-element elementor-element-6a591595 elementor-widget elementor-widget-heading\" data-id=\"6a591595\" data-element_type=\"widget\" data-widget_type=\"heading.default\">\n\t\t\t\t<div class=\"elementor-widget-container\">\n\t\t\t<style>\/*! elementor - v3.23.0 - 15-07-2024 *\/\n.elementor-heading-title{padding:0;margin:0;line-height:1}.elementor-widget-heading .elementor-heading-title[class*=elementor-size-]>a{color:inherit;font-size:inherit;line-height:inherit}.elementor-widget-heading .elementor-heading-title.elementor-size-small{font-size:15px}.elementor-widget-heading .elementor-heading-title.elementor-size-medium{font-size:19px}.elementor-widget-heading .elementor-heading-title.elementor-size-large{font-size:29px}.elementor-widget-heading .elementor-heading-title.elementor-size-xl{font-size:39px}.elementor-widget-heading .elementor-heading-title.elementor-size-xxl{font-size:59px}<\/style><h4 class=\"elementor-heading-title elementor-size-default\">News<\/h4>\t\t<\/div>\n\t\t\t\t<\/div>\n\t\t\t\t\t<\/div>\n\t\t\t\t<\/div>\n\t\t\t\t\t<\/div>\n\t\t\t\t<\/div>\n\t\t\t\t<\/div>\n\t\t\t\t<\/div>\n\t\t\t\t<\/div>\n\t\t\t\t<\/div>\n\t\t\t\t<\/div>\n\t\t<div class=\"elementor-element elementor-element-99d7e36 e-flex e-con-boxed e-con e-parent\" data-id=\"99d7e36\" data-element_type=\"container\">\n\t\t\t\t\t<div class=\"e-con-inner\">\n\t\t\t\t<div class=\"elementor-element elementor-element-5dfdfdd elementor-widget__width-inherit elementor-widget elementor-widget-heading\" data-id=\"5dfdfdd\" data-element_type=\"widget\" data-widget_type=\"heading.default\">\n\t\t\t\t<div class=\"elementor-widget-container\">\n\t\t\t<h2 class=\"elementor-heading-title elementor-size-default\">Entdecken Sie die <b>Welt<\/b> mit <b>Leichtigkeit<\/b><\/h2>\t\t<\/div>\n\t\t\t\t<\/div>\n\t\t\t\t<div class=\"elementor-element elementor-element-01db538 elementor-widget elementor-widget-heading\" data-id=\"01db538\" data-element_type=\"widget\" data-widget_type=\"heading.default\">\n\t\t\t\t<div class=\"elementor-widget-container\">\n\t\t\t<p class=\"elementor-heading-title elementor-size-default\">Willkommen in unserem Reiseblog, Ihrer Anlaufstelle f\u00fcr die neuesten Reisetipps, Reisef\u00fchrer und Inspirationen f\u00fcr Ihr n\u00e4chstes Abenteuer. Egal, ob Sie ein erfahrener Reisender sind oder Ihre erste Reise planen - bei uns finden Sie alles, was Sie wissen m\u00fcssen, um Ihre Reise unvergesslich zu machen.<\/p>\t\t<\/div>\n\t\t\t\t<\/div>\n\t\t\t\t\t<\/div>\n\t\t\t\t<\/div>\n\t\t<div class=\"elementor-element elementor-element-4eb964b blog_container e-flex e-con-boxed e-con e-parent\" data-id=\"4eb964b\" data-element_type=\"container\">\n\t\t\t\t\t<div class=\"e-con-inner\">\n\t\t\t\t<div class=\"elementor-element elementor-element-154abfc blog elementor-posts__hover-none elementor-grid-3 elementor-grid-tablet-2 elementor-grid-mobile-1 elementor-posts--thumbnail-top elementor-card-shadow-yes elementor-widget elementor-widget-posts\" data-id=\"154abfc\" data-element_type=\"widget\" data-settings=\"{&quot;cards_row_gap&quot;:{&quot;unit&quot;:&quot;px&quot;,&quot;size&quot;:40,&quot;sizes&quot;:[]},&quot;cards_columns&quot;:&quot;3&quot;,&quot;cards_columns_tablet&quot;:&quot;2&quot;,&quot;cards_columns_mobile&quot;:&quot;1&quot;,&quot;cards_row_gap_widescreen&quot;:{&quot;unit&quot;:&quot;px&quot;,&quot;size&quot;:&quot;&quot;,&quot;sizes&quot;:[]},&quot;cards_row_gap_laptop&quot;:{&quot;unit&quot;:&quot;px&quot;,&quot;size&quot;:&quot;&quot;,&quot;sizes&quot;:[]},&quot;cards_row_gap_tablet&quot;:{&quot;unit&quot;:&quot;px&quot;,&quot;size&quot;:&quot;&quot;,&quot;sizes&quot;:[]},&quot;cards_row_gap_mobile&quot;:{&quot;unit&quot;:&quot;px&quot;,&quot;size&quot;:&quot;&quot;,&quot;sizes&quot;:[]}}\" data-widget_type=\"posts.cards\">\n\t\t\t\t<div class=\"elementor-widget-container\">\n\t\t\t<link rel=\"stylesheet\" href=\"https:\/\/www.neteler.eu\/wp-content\/plugins\/elementor-pro\/assets\/css\/widget-posts.min.css?ver=1721663082\">\t\t<div class=\"elementor-posts-container elementor-posts elementor-posts--skin-cards elementor-grid\">\n\t\t\t\t<article class=\"elementor-post elementor-grid-item post-12359 post type-post status-publish format-standard has-post-thumbnail hentry category-unkategorisiert\">\n\t\t\t<div class=\"elementor-post__card\">\n\t\t\t\t<a class=\"elementor-post__thumbnail__link\" href=\"https:\/\/www.neteler.eu\/de\/warum-sich-ein-urlaub-auf-borkum-lohnt\/\" tabindex=\"-1\" target=\"_blank\"><div class=\"elementor-post__thumbnail\"><img fetchpriority=\"high\" decoding=\"async\" width=\"200\" height=\"300\" src=\"https:\/\/www.neteler.eu\/wp-content\/uploads\/2025\/06\/IMG_0029-200x300.jpg\" class=\"attachment-medium size-medium wp-image-12364\" alt=\"\" srcset=\"https:\/\/www.neteler.eu\/wp-content\/uploads\/2025\/06\/IMG_0029-200x300.jpg 200w, https:\/\/www.neteler.eu\/wp-content\/uploads\/2025\/06\/IMG_0029-683x1024.jpg 683w, https:\/\/www.neteler.eu\/wp-content\/uploads\/2025\/06\/IMG_0029-768x1152.jpg 768w, https:\/\/www.neteler.eu\/wp-content\/uploads\/2025\/06\/IMG_0029-1024x1536.jpg 1024w, https:\/\/www.neteler.eu\/wp-content\/uploads\/2025\/06\/IMG_0029-1365x2048.jpg 1365w, https:\/\/www.neteler.eu\/wp-content\/uploads\/2025\/06\/IMG_0029.jpg 1536w\" sizes=\"(max-width: 200px) 100vw, 200px\" \/><\/div><\/a>\n\t\t\t\t<div class=\"elementor-post__text\">\n\t\t\t\t<h3 class=\"elementor-post__title\">\n\t\t\t<a href=\"https:\/\/www.neteler.eu\/de\/warum-sich-ein-urlaub-auf-borkum-lohnt\/\" target=&quot;_blank&quot;>\n\t\t\t\tWarum sich ein Urlaub auf Borkum lohnt\t\t\t<\/a>\n\t\t<\/h3>\n\t\t\t\t<div class=\"elementor-post__excerpt\">\n\t\t\t<p>5 Gr\u00fcnde, warum Ihr n\u00e4chster Urlaub auf Borkum stattfinden sollte: Der Alltag ist oft hektisch, vollgepackt mit Terminen und To-dos.<\/p>\n\t\t<\/div>\n\t\t\n\t\t<a class=\"elementor-post__read-more\" href=\"https:\/\/www.neteler.eu\/de\/warum-sich-ein-urlaub-auf-borkum-lohnt\/\" aria-label=\"Mehr \u00fcber Warum sich ein Urlaub auf Borkum lohnt\" tabindex=\"-1\" target=\"_blank\">\n\t\t\tWeiterlesen \u00bb\t\t<\/a>\n\n\t\t\t\t<\/div>\n\t\t\t\t\t<\/div>\n\t\t<\/article>\n\t\t\t\t<article class=\"elementor-post elementor-grid-item post-11694 post type-post status-publish format-standard has-post-thumbnail hentry category-unkategorisiert\">\n\t\t\t<div class=\"elementor-post__card\">\n\t\t\t\t<a class=\"elementor-post__thumbnail__link\" href=\"https:\/\/www.neteler.eu\/de\/veranstaltungen-auf-borkum\/\" tabindex=\"-1\" target=\"_blank\"><div class=\"elementor-post__thumbnail\"><img decoding=\"async\" width=\"300\" height=\"200\" src=\"https:\/\/www.neteler.eu\/wp-content\/uploads\/2024\/07\/94A5959-300x200.jpg\" class=\"attachment-medium size-medium wp-image-11695\" alt=\"\" srcset=\"https:\/\/www.neteler.eu\/wp-content\/uploads\/2024\/07\/94A5959-300x200.jpg 300w, https:\/\/www.neteler.eu\/wp-content\/uploads\/2024\/07\/94A5959-1024x683.jpg 1024w, https:\/\/www.neteler.eu\/wp-content\/uploads\/2024\/07\/94A5959-768x512.jpg 768w, https:\/\/www.neteler.eu\/wp-content\/uploads\/2024\/07\/94A5959-1536x1024.jpg 1536w, https:\/\/www.neteler.eu\/wp-content\/uploads\/2024\/07\/94A5959-2048x1365.jpg 2048w\" sizes=\"(max-width: 300px) 100vw, 300px\" \/><\/div><\/a>\n\t\t\t\t<div class=\"elementor-post__text\">\n\t\t\t\t<h3 class=\"elementor-post__title\">\n\t\t\t<a href=\"https:\/\/www.neteler.eu\/de\/veranstaltungen-auf-borkum\/\" target=&quot;_blank&quot;>\n\t\t\t\tVeranstaltungen auf Borkum\t\t\t<\/a>\n\t\t<\/h3>\n\t\t\t\t<div class=\"elementor-post__excerpt\">\n\t\t\t<p>Veranstaltungskalender Borkum, eine idyllische Insel in der Nordsee, bietet das ganze Jahr \u00fcber zahlreiche Veranstaltungen, die Besucher und Einheimische gleicherma\u00dfen<\/p>\n\t\t<\/div>\n\t\t\n\t\t<a class=\"elementor-post__read-more\" href=\"https:\/\/www.neteler.eu\/de\/veranstaltungen-auf-borkum\/\" aria-label=\"Mehr \u00fcber Veranstaltungen auf Borkum\" tabindex=\"-1\" target=\"_blank\">\n\t\t\tWeiterlesen \u00bb\t\t<\/a>\n\n\t\t\t\t<\/div>\n\t\t\t\t\t<\/div>\n\t\t<\/article>\n\t\t\t\t<article class=\"elementor-post elementor-grid-item post-8231 post type-post status-publish format-standard has-post-thumbnail hentry category-unkategorisiert\">\n\t\t\t<div class=\"elementor-post__card\">\n\t\t\t\t<a class=\"elementor-post__thumbnail__link\" href=\"https:\/\/www.neteler.eu\/de\/der-zauber-des-musikpavillons-auf-borkum\/\" tabindex=\"-1\" target=\"_blank\"><div class=\"elementor-post__thumbnail\"><img decoding=\"async\" width=\"300\" height=\"200\" src=\"https:\/\/www.neteler.eu\/wp-content\/uploads\/2024\/04\/94A0343-300x200.jpg\" class=\"attachment-medium size-medium wp-image-7909\" alt=\"\" srcset=\"https:\/\/www.neteler.eu\/wp-content\/uploads\/2024\/04\/94A0343-300x200.jpg 300w, https:\/\/www.neteler.eu\/wp-content\/uploads\/2024\/04\/94A0343-1024x683.jpg 1024w, https:\/\/www.neteler.eu\/wp-content\/uploads\/2024\/04\/94A0343-768x512.jpg 768w, https:\/\/www.neteler.eu\/wp-content\/uploads\/2024\/04\/94A0343-1536x1024.jpg 1536w, https:\/\/www.neteler.eu\/wp-content\/uploads\/2024\/04\/94A0343-2048x1365.jpg 2048w\" sizes=\"(max-width: 300px) 100vw, 300px\" \/><\/div><\/a>\n\t\t\t\t<div class=\"elementor-post__text\">\n\t\t\t\t<h3 class=\"elementor-post__title\">\n\t\t\t<a href=\"https:\/\/www.neteler.eu\/de\/der-zauber-des-musikpavillons-auf-borkum\/\" target=&quot;_blank&quot;>\n\t\t\t\tMusikpavillon Borkum\t\t\t<\/a>\n\t\t<\/h3>\n\t\t\t\t<div class=\"elementor-post__excerpt\">\n\t\t\t<p>Der Zauber des Musikpavillons Borkum Willkommen auf Borkum, der gr\u00f6\u00dften ostfriesischen Insel, die mit ihrer atemberaubenden Natur, frischer Nordseeluft und<\/p>\n\t\t<\/div>\n\t\t\n\t\t<a class=\"elementor-post__read-more\" href=\"https:\/\/www.neteler.eu\/de\/der-zauber-des-musikpavillons-auf-borkum\/\" aria-label=\"Mehr \u00fcber Musikpavillon Borkum\" tabindex=\"-1\" target=\"_blank\">\n\t\t\tWeiterlesen \u00bb\t\t<\/a>\n\n\t\t\t\t<\/div>\n\t\t\t\t\t<\/div>\n\t\t<\/article>\n\t\t\t\t<\/div>\n\t\t\n\t\t\t\t<\/div>\n\t\t\t\t<\/div>\n\t\t\t\t\t<\/div>\n\t\t\t\t<\/div>\n\t\t\t\t<\/div>\n\t\t","protected":false},"excerpt":{"rendered":"<p>Entdecken Sie die Welt mit Leichtigkeit Willkommen in unserem Reiseblog, Ihrer Anlaufstelle f\u00fcr die neuesten Reisetipps, Reisef\u00fchrer und Inspirationen f\u00fcr Ihr n\u00e4chstes Abenteuer. Egal, ob Sie ein erfahrener Reisender sind oder Ihre erste Reise planen &#8211; bei uns finden Sie alles, was Sie wissen m\u00fcssen, um Ihre Reise unvergesslich zu machen.<\/p>\n","protected":false},"author":1,"featured_media":10077,"parent":0,"menu_order":0,"comment_status":"closed","ping_status":"closed","template":"","meta":{"_acf_changed":false,"footnotes":""},"class_list":["post-1244","page","type-page","status-publish","has-post-thumbnail","hentry"],"acf":[],"yoast_head":"<!-- This site is optimized with the Yoast SEO plugin v23.1 - https:\/\/yoast.com\/wordpress\/plugins\/seo\/ -->\n<title>News - NETELER Apartments<\/title>\n<meta name=\"description\" content=\"Hier finden Sie alle Neuigkeiten rund um Ihren Urlaub bei uns an der See. Auf dieser Seite bleiben Sie auf dem Laufenden.\" \/>\n<meta name=\"robots\" content=\"index, follow, max-snippet:-1, max-image-preview:large, max-video-preview:-1\" \/>\n<link rel=\"canonical\" href=\"https:\/\/www.neteler.eu\/de\/news\/\" \/>\n<meta property=\"og:locale\" content=\"de_DE\" \/>\n<meta property=\"og:type\" content=\"article\" \/>\n<meta property=\"og:title\" content=\"News - NETELER Apartments\" \/>\n<meta property=\"og:description\" content=\"Hier finden Sie alle Neuigkeiten rund um Ihren Urlaub bei uns an der See. Auf dieser Seite bleiben Sie auf dem Laufenden.\" \/>\n<meta property=\"og:url\" content=\"https:\/\/www.neteler.eu\/de\/news\/\" \/>\n<meta property=\"og:site_name\" content=\"NETELER Apartments\" \/>\n<meta property=\"article:modified_time\" content=\"2024-07-23T08:04:12+00:00\" \/>\n<meta property=\"og:image\" content=\"https:\/\/www.neteler.eu\/wp-content\/uploads\/2024\/05\/94A1229-1-scaled.jpg\" \/>\n\t<meta property=\"og:image:width\" content=\"2560\" \/>\n\t<meta property=\"og:image:height\" content=\"1707\" \/>\n\t<meta property=\"og:image:type\" content=\"image\/jpeg\" \/>\n<meta name=\"twitter:card\" content=\"summary_large_image\" \/>\n<meta name=\"twitter:label1\" content=\"Gesch\u00e4tzte Lesezeit\" \/>\n\t<meta name=\"twitter:data1\" content=\"2\u00a0Minuten\" \/>\n<script type=\"application\/ld+json\" class=\"yoast-schema-graph\">{\"@context\":\"https:\/\/schema.org\",\"@graph\":[{\"@type\":\"WebPage\",\"@id\":\"https:\/\/www.neteler.eu\/de\/news\/\",\"url\":\"https:\/\/www.neteler.eu\/de\/news\/\",\"name\":\"News - NETELER Apartments\",\"isPartOf\":{\"@id\":\"https:\/\/www.neteler.eu\/de\/#website\"},\"primaryImageOfPage\":{\"@id\":\"https:\/\/www.neteler.eu\/de\/news\/#primaryimage\"},\"image\":{\"@id\":\"https:\/\/www.neteler.eu\/de\/news\/#primaryimage\"},\"thumbnailUrl\":\"https:\/\/www.neteler.eu\/wp-content\/uploads\/2024\/05\/94A1229-1-scaled.jpg\",\"datePublished\":\"2024-01-25T13:24:11+00:00\",\"dateModified\":\"2024-07-23T08:04:12+00:00\",\"description\":\"Hier finden Sie alle Neuigkeiten rund um Ihren Urlaub bei uns an der See. Auf dieser Seite bleiben Sie auf dem Laufenden.\",\"breadcrumb\":{\"@id\":\"https:\/\/www.neteler.eu\/de\/news\/#breadcrumb\"},\"inLanguage\":\"de\",\"potentialAction\":[{\"@type\":\"ReadAction\",\"target\":[\"https:\/\/www.neteler.eu\/de\/news\/\"]}]},{\"@type\":\"ImageObject\",\"inLanguage\":\"de\",\"@id\":\"https:\/\/www.neteler.eu\/de\/news\/#primaryimage\",\"url\":\"https:\/\/www.neteler.eu\/wp-content\/uploads\/2024\/05\/94A1229-1-scaled.jpg\",\"contentUrl\":\"https:\/\/www.neteler.eu\/wp-content\/uploads\/2024\/05\/94A1229-1-scaled.jpg\",\"width\":2560,\"height\":1707},{\"@type\":\"BreadcrumbList\",\"@id\":\"https:\/\/www.neteler.eu\/de\/news\/#breadcrumb\",\"itemListElement\":[{\"@type\":\"ListItem\",\"position\":1,\"name\":\"Startseite\",\"item\":\"https:\/\/www.neteler.eu\/de\/\"},{\"@type\":\"ListItem\",\"position\":2,\"name\":\"News\"}]},{\"@type\":\"WebSite\",\"@id\":\"https:\/\/www.neteler.eu\/de\/#website\",\"url\":\"https:\/\/www.neteler.eu\/de\/\",\"name\":\"NETELER Apartments\",\"description\":\"\",\"publisher\":{\"@id\":\"https:\/\/www.neteler.eu\/de\/#organization\"},\"potentialAction\":[{\"@type\":\"SearchAction\",\"target\":{\"@type\":\"EntryPoint\",\"urlTemplate\":\"https:\/\/www.neteler.eu\/de\/?s={search_term_string}\"},\"query-input\":\"required name=search_term_string\"}],\"inLanguage\":\"de\"},{\"@type\":\"Organization\",\"@id\":\"https:\/\/www.neteler.eu\/de\/#organization\",\"name\":\"NETELER Apartments\",\"url\":\"https:\/\/www.neteler.eu\/de\/\",\"logo\":{\"@type\":\"ImageObject\",\"inLanguage\":\"de\",\"@id\":\"https:\/\/www.neteler.eu\/de\/#\/schema\/logo\/image\/\",\"url\":\"https:\/\/www.neteler.eu\/wp-content\/uploads\/2024\/01\/logo-2.png\",\"contentUrl\":\"https:\/\/www.neteler.eu\/wp-content\/uploads\/2024\/01\/logo-2.png\",\"width\":800,\"height\":200,\"caption\":\"NETELER Apartments\"},\"image\":{\"@id\":\"https:\/\/www.neteler.eu\/de\/#\/schema\/logo\/image\/\"}}]}<\/script>\n<!-- \/ Yoast SEO plugin. -->","yoast_head_json":{"title":"News - NETELER Apartments","description":"Hier finden Sie alle Neuigkeiten rund um Ihren Urlaub bei uns an der See. Auf dieser Seite bleiben Sie auf dem Laufenden.","robots":{"index":"index","follow":"follow","max-snippet":"max-snippet:-1","max-image-preview":"max-image-preview:large","max-video-preview":"max-video-preview:-1"},"canonical":"https:\/\/www.neteler.eu\/de\/news\/","og_locale":"de_DE","og_type":"article","og_title":"News - NETELER Apartments","og_description":"Hier finden Sie alle Neuigkeiten rund um Ihren Urlaub bei uns an der See. Auf dieser Seite bleiben Sie auf dem Laufenden.","og_url":"https:\/\/www.neteler.eu\/de\/news\/","og_site_name":"NETELER Apartments","article_modified_time":"2024-07-23T08:04:12+00:00","og_image":[{"width":2560,"height":1707,"url":"https:\/\/www.neteler.eu\/wp-content\/uploads\/2024\/05\/94A1229-1-scaled.jpg","type":"image\/jpeg"}],"twitter_card":"summary_large_image","twitter_misc":{"Gesch\u00e4tzte Lesezeit":"2\u00a0Minuten"},"schema":{"@context":"https:\/\/schema.org","@graph":[{"@type":"WebPage","@id":"https:\/\/www.neteler.eu\/de\/news\/","url":"https:\/\/www.neteler.eu\/de\/news\/","name":"News - NETELER Apartments","isPartOf":{"@id":"https:\/\/www.neteler.eu\/de\/#website"},"primaryImageOfPage":{"@id":"https:\/\/www.neteler.eu\/de\/news\/#primaryimage"},"image":{"@id":"https:\/\/www.neteler.eu\/de\/news\/#primaryimage"},"thumbnailUrl":"https:\/\/www.neteler.eu\/wp-content\/uploads\/2024\/05\/94A1229-1-scaled.jpg","datePublished":"2024-01-25T13:24:11+00:00","dateModified":"2024-07-23T08:04:12+00:00","description":"Hier finden Sie alle Neuigkeiten rund um Ihren Urlaub bei uns an der See. Auf dieser Seite bleiben Sie auf dem Laufenden.","breadcrumb":{"@id":"https:\/\/www.neteler.eu\/de\/news\/#breadcrumb"},"inLanguage":"de","potentialAction":[{"@type":"ReadAction","target":["https:\/\/www.neteler.eu\/de\/news\/"]}]},{"@type":"ImageObject","inLanguage":"de","@id":"https:\/\/www.neteler.eu\/de\/news\/#primaryimage","url":"https:\/\/www.neteler.eu\/wp-content\/uploads\/2024\/05\/94A1229-1-scaled.jpg","contentUrl":"https:\/\/www.neteler.eu\/wp-content\/uploads\/2024\/05\/94A1229-1-scaled.jpg","width":2560,"height":1707},{"@type":"BreadcrumbList","@id":"https:\/\/www.neteler.eu\/de\/news\/#breadcrumb","itemListElement":[{"@type":"ListItem","position":1,"name":"Startseite","item":"https:\/\/www.neteler.eu\/de\/"},{"@type":"ListItem","position":2,"name":"News"}]},{"@type":"WebSite","@id":"https:\/\/www.neteler.eu\/de\/#website","url":"https:\/\/www.neteler.eu\/de\/","name":"NETELER Apartments","description":"","publisher":{"@id":"https:\/\/www.neteler.eu\/de\/#organization"},"potentialAction":[{"@type":"SearchAction","target":{"@type":"EntryPoint","urlTemplate":"https:\/\/www.neteler.eu\/de\/?s={search_term_string}"},"query-input":"required name=search_term_string"}],"inLanguage":"de"},{"@type":"Organization","@id":"https:\/\/www.neteler.eu\/de\/#organization","name":"NETELER Apartments","url":"https:\/\/www.neteler.eu\/de\/","logo":{"@type":"ImageObject","inLanguage":"de","@id":"https:\/\/www.neteler.eu\/de\/#\/schema\/logo\/image\/","url":"https:\/\/www.neteler.eu\/wp-content\/uploads\/2024\/01\/logo-2.png","contentUrl":"https:\/\/www.neteler.eu\/wp-content\/uploads\/2024\/01\/logo-2.png","width":800,"height":200,"caption":"NETELER Apartments"},"image":{"@id":"https:\/\/www.neteler.eu\/de\/#\/schema\/logo\/image\/"}}]}},"_links":{"self":[{"href":"https:\/\/www.neteler.eu\/de\/wp-json\/wp\/v2\/pages\/1244"}],"collection":[{"href":"https:\/\/www.neteler.eu\/de\/wp-json\/wp\/v2\/pages"}],"about":[{"href":"https:\/\/www.neteler.eu\/de\/wp-json\/wp\/v2\/types\/page"}],"author":[{"embeddable":true,"href":"https:\/\/www.neteler.eu\/de\/wp-json\/wp\/v2\/users\/1"}],"replies":[{"embeddable":true,"href":"https:\/\/www.neteler.eu\/de\/wp-json\/wp\/v2\/comments?post=1244"}],"version-history":[{"count":30,"href":"https:\/\/www.neteler.eu\/de\/wp-json\/wp\/v2\/pages\/1244\/revisions"}],"predecessor-version":[{"id":11829,"href":"https:\/\/www.neteler.eu\/de\/wp-json\/wp\/v2\/pages\/1244\/revisions\/11829"}],"wp:featuredmedia":[{"embeddable":true,"href":"https:\/\/www.neteler.eu\/de\/wp-json\/wp\/v2\/media\/10077"}],"wp:attachment":[{"href":"https:\/\/www.neteler.eu\/de\/wp-json\/wp\/v2\/media?parent=1244"}],"curies":[{"name":"wp","href":"https:\/\/api.w.org\/{rel}","templated":true}]}}