{"id":2843,"date":"2024-02-08T14:51:13","date_gmt":"2024-02-08T13:51:13","guid":{"rendered":"https:\/\/www.neteler.eu\/?page_id=2843"},"modified":"2024-06-21T12:25:55","modified_gmt":"2024-06-21T10:25:55","slug":"agb","status":"publish","type":"page","link":"https:\/\/www.neteler.eu\/de\/agb\/","title":{"rendered":"AGB"},"content":{"rendered":"\t\t<div data-elementor-type=\"wp-page\" data-elementor-id=\"2843\" class=\"elementor elementor-2843\" data-elementor-post-type=\"page\">\n\t\t\t\t<div class=\"elementor-element elementor-element-ab3a612 e-con-full e-flex e-con e-parent\" data-id=\"ab3a612\" data-element_type=\"container\">\n\t\t\t\t<div class=\"elementor-element elementor-element-b7eedcf elementor-widget elementor-widget-template\" data-id=\"b7eedcf\" data-element_type=\"widget\" data-widget_type=\"template.default\">\n\t\t\t\t<div class=\"elementor-widget-container\">\n\t\t\t\t\t<div class=\"elementor-template\">\n\t\t\t\t\t<div data-elementor-type=\"container\" data-elementor-id=\"8666\" class=\"elementor elementor-8666\" data-elementor-post-type=\"elementor_library\">\n\t\t\t\t<div class=\"elementor-element elementor-element-3799b24a e-flex e-con-boxed e-con e-parent\" data-id=\"3799b24a\" data-element_type=\"container\" data-settings=\"{&quot;background_background&quot;:&quot;classic&quot;}\">\n\t\t\t\t\t<div class=\"e-con-inner\">\n\t\t<div class=\"elementor-element elementor-element-30557511 e-flex e-con-boxed e-con e-child\" data-id=\"30557511\" data-element_type=\"container\">\n\t\t\t\t\t<div class=\"e-con-inner\">\n\t\t\t\t<div class=\"elementor-element elementor-element-6a591595 elementor-widget elementor-widget-heading\" data-id=\"6a591595\" data-element_type=\"widget\" data-widget_type=\"heading.default\">\n\t\t\t\t<div class=\"elementor-widget-container\">\n\t\t\t<style>\/*! elementor - v3.23.0 - 15-07-2024 *\/\n.elementor-heading-title{padding:0;margin:0;line-height:1}.elementor-widget-heading .elementor-heading-title[class*=elementor-size-]>a{color:inherit;font-size:inherit;line-height:inherit}.elementor-widget-heading .elementor-heading-title.elementor-size-small{font-size:15px}.elementor-widget-heading .elementor-heading-title.elementor-size-medium{font-size:19px}.elementor-widget-heading .elementor-heading-title.elementor-size-large{font-size:29px}.elementor-widget-heading .elementor-heading-title.elementor-size-xl{font-size:39px}.elementor-widget-heading .elementor-heading-title.elementor-size-xxl{font-size:59px}<\/style><h4 class=\"elementor-heading-title elementor-size-default\">AGB<\/h4>\t\t<\/div>\n\t\t\t\t<\/div>\n\t\t\t\t\t<\/div>\n\t\t\t\t<\/div>\n\t\t\t\t\t<\/div>\n\t\t\t\t<\/div>\n\t\t\t\t<\/div>\n\t\t\t\t<\/div>\n\t\t\t\t<\/div>\n\t\t\t\t<\/div>\n\t\t\t\t<\/div>\n\t\t<div class=\"elementor-element elementor-element-30f1625 main_container e-flex e-con-boxed e-con e-parent\" data-id=\"30f1625\" data-element_type=\"container\">\n\t\t\t\t\t<div class=\"e-con-inner\">\n\t\t\t\t<div class=\"elementor-element elementor-element-f49b953 elementor-widget elementor-widget-heading\" data-id=\"f49b953\" data-element_type=\"widget\" data-widget_type=\"heading.default\">\n\t\t\t\t<div class=\"elementor-widget-container\">\n\t\t\t<h2 class=\"elementor-heading-title elementor-size-default\">Allgemeine Gesch\u00e4ftsbedingungen F\u00fcr die Anmietung von Ferienwohnungen\n<\/h2>\t\t<\/div>\n\t\t\t\t<\/div>\n\t\t\t\t<div class=\"elementor-element elementor-element-f18dbc6 elementor-widget elementor-widget-text-editor\" data-id=\"f18dbc6\" data-element_type=\"widget\" data-widget_type=\"text-editor.default\">\n\t\t\t\t<div class=\"elementor-widget-container\">\n\t\t\t<style>\/*! elementor - v3.23.0 - 15-07-2024 *\/\n.elementor-widget-text-editor.elementor-drop-cap-view-stacked .elementor-drop-cap{background-color:#69727d;color:#fff}.elementor-widget-text-editor.elementor-drop-cap-view-framed .elementor-drop-cap{color:#69727d;border:3px solid;background-color:transparent}.elementor-widget-text-editor:not(.elementor-drop-cap-view-default) .elementor-drop-cap{margin-top:8px}.elementor-widget-text-editor:not(.elementor-drop-cap-view-default) .elementor-drop-cap-letter{width:1em;height:1em}.elementor-widget-text-editor .elementor-drop-cap{float:left;text-align:center;line-height:1;font-size:50px}.elementor-widget-text-editor .elementor-drop-cap-letter{display:inline-block}<\/style>\t\t\t\t<p><strong>Vertragsschluss, Zahlungen, R\u00fccktrittsrecht<\/strong><\/p><ul><li>Die Buchung kommt durch die Buchung des Mieters und die \u00dcbersendung der\u00a0 \u00a0 \u00a0 \u00a0Buchungsbest\u00e4tigung zustande<\/li><li>Die Mietpreise verstehen sich grunds\u00e4tzlich inklusive Strom, Wasser und Heizung.<\/li><li>Innerhalb der ersten 2 Wochen nach der Reservierung wird eine Anzahlung von 30% f\u00e4llig. Den Restbetrag bezahlen Sie bitte sp\u00e4testens 2 Wochen vor Anreise. Falls\u00a0 \u00a0Ihre Reservierung nur wenige Tage vor Anreise erfolgt, k\u00f6nnen Sie auch vor Ort bei Anreise bezahlen.\u00a0 \u00a0<\/li><\/ul>\t\t\t\t\t\t<\/div>\n\t\t\t\t<\/div>\n\t\t\t\t<div class=\"elementor-element elementor-element-ad7323a elementor-widget elementor-widget-text-editor\" data-id=\"ad7323a\" data-element_type=\"widget\" data-widget_type=\"text-editor.default\">\n\t\t\t\t<div class=\"elementor-widget-container\">\n\t\t\t\t\t\t\t<p><strong>Stornierungenht<\/strong><\/p><p>Im Mietpreis ist keine Reiser\u00fccktrittsversicherung enthalten. Wenn Sie die Wohnung nicht in Anspruch nehmen, k\u00f6nnen wir angemessenen Ersatz f\u00fcr unsere Aufwendungen und den entstandenen Verlust verlangen.<br \/>Im Falle eines solchen R\u00fccktritts wird vom Vermieter eine Entsch\u00e4digung geltend gemacht, und zwar wie folgt:<br \/>50 % des Mietpreises R\u00fccktritt bis 90 Tage vor Mietbeginn<br \/>60 % des Mietpreises R\u00fccktritt 89 Tage bis 33 Tage vor Mietbeginn<br \/>70 % des Mietpreises R\u00fccktritt 32 Tage bis 22 Tage vor Mietbeginn<br \/>80 % des Mietpreises R\u00fccktritt 21 Tage bis 12 Tage vor Mietbeginn<br \/>90 % des Mietpreises R\u00fccktritt 11 Tage vorstehenden Mietbeginn bis Mietbeginn<\/p>\t\t\t\t\t\t<\/div>\n\t\t\t\t<\/div>\n\t\t\t\t<div class=\"elementor-element elementor-element-e32efa9 elementor-widget elementor-widget-text-editor\" data-id=\"e32efa9\" data-element_type=\"widget\" data-widget_type=\"text-editor.default\">\n\t\t\t\t<div class=\"elementor-widget-container\">\n\t\t\t\t\t\t\t<p><strong>Nutzung der Ferienwohnung und Ausstattung<\/strong><\/p>\n<ul>\n<li>Das Mietobjekt darf nur mit der im Mietvertrag angegebenen Personenzahl belegt werden.<\/li>\n<li>Je nach Ferienanlage bieten wir Ihnen kostenlose Zusatzleistungen an: Zum Beispiel die Bereitstellung von Kinder-Betten\/St\u00fchlen, die Nutzung der Waschautomaten und Trockner oder der kostenlose Zugang zum Internet. Bitte haben Sie Verst\u00e4ndnis daf\u00fcr, dass wir keinen Ersatz, auch nicht in Form einer Mietminderung, gew\u00e4hren k\u00f6nnen, sollte ein solcher Service wider Erwarten einmal nicht zur Verf\u00fcgung stehen, beispielsweise wenn bereits die Kinderbetten vergeben sind.<\/li>\n<li>Wir stellen Ihnen eine hochwertige Einrichtung und Elektroger\u00e4te zur Verf\u00fcgung. Aber auch diese k\u00f6nnen einmal defekt sein. Sollte dies der Fall sein, erfolgt eine schnellstm\u00f6gliche Reparatur durch unseren Kundendienst. Wir bitten um Verst\u00e4ndnis, dass f\u00fcr die Zwischenzeit auch hier keine Entsch\u00e4digung von unserer Seite geleistet werden kann.<\/li>\n<li>Behandeln Sie Ihr Mietobjekt bitte pfleglich und nutzen Sie die bereitgestellten Reinigungsutensilien. Fahrr\u00e4der, Bollerwagen u.\u00e4. d\u00fcrfen nicht mit in die Unterkunft genommen werden.<\/li>\n<li>Die Eingangst\u00fcren sind mit Sicherheitsschl\u00f6ssern ausgestattet, die i.d.R. nicht von au\u00dfen zu \u00f6ffnen sind, wenn von innen der Schl\u00fcssel steckt. Sollte ein Schl\u00fcsseldienst gerufen werden m\u00fcssen, stellen wir Ihnen die Kosten in Rechnung.<\/li>\n<li>Das Rauchen ist in den Unterk\u00fcnften nicht gestattet. Evtl. bereitgestellte Aschenbecher sind f\u00fcr den Balkon bzw. die Terrasse gedacht.<\/li>\n<li>Haustiere sind grunds\u00e4tzlich nicht erlaubt.<\/li>\n<\/ul>\t\t\t\t\t\t<\/div>\n\t\t\t\t<\/div>\n\t\t\t\t<div class=\"elementor-element elementor-element-5942262 elementor-widget elementor-widget-text-editor\" data-id=\"5942262\" data-element_type=\"widget\" data-widget_type=\"text-editor.default\">\n\t\t\t\t<div class=\"elementor-widget-container\">\n\t\t\t\t\t\t\t<p><strong>Haftung<\/strong><\/p><ul><li><span dir=\"ltr\" role=\"presentation\">Bitte melden Sie Sch\u00e4den unverz\u00fcglich. Wenn uns Sch\u00e4den nach Ihrer <\/span><span dir=\"ltr\" role=\"presentation\">Abreise auffallen, m\u00fcssen wir davon ausgehen, dass sie w\u00e4hrend Ihres <\/span><span dir=\"ltr\" role=\"presentation\">Aufenthalts entstanden sind.<\/span><\/li><li><span dir=\"ltr\" role=\"presentation\">Die Benutzung der Einrichtungen<\/span> <span dir=\"ltr\" role=\"presentation\">z.B. Sauna<\/span> <span dir=\"ltr\" role=\"presentation\">und des Inventars (z.B. <\/span><span dir=\"ltr\" role=\"presentation\">elektrische Ger\u00e4te) erfolgt auf eigene Gefahr. Eltern haften f\u00fcr Ihre Kinder.<\/span><\/li><li><span dir=\"ltr\" role=\"presentation\">Babys und junge Kinder d\u00fcrfen sich nicht unbeaufsichtigt auf den Balkonen <\/span><span dir=\"ltr\" role=\"presentation\">aufhalten.<\/span><\/li><li><span dir=\"ltr\" role=\"presentation\">Eine Schadenshaftung f\u00fcr Ihr Fahrzeug wird auch auf den bereitgestellten <\/span><span dir=\"ltr\" role=\"presentation\">Parkpl\u00e4tzen ausgeschlossen.<\/span><\/li><\/ul>\t\t\t\t\t\t<\/div>\n\t\t\t\t<\/div>\n\t\t\t\t<div class=\"elementor-element elementor-element-5bc708e elementor-widget elementor-widget-text-editor\" data-id=\"5bc708e\" data-element_type=\"widget\" data-widget_type=\"text-editor.default\">\n\t\t\t\t<div class=\"elementor-widget-container\">\n\t\t\t\t\t\t\t<p><strong>R\u00fccktritt vom Vertrag<\/strong><\/p><div class=\"page\" role=\"region\" data-page-number=\"2\" aria-label=\"Page 2\" data-loaded=\"true\"><ul><li class=\"textLayer\"><span id=\"page9R_mcid14\" class=\"markedContent\"><span dir=\"ltr\" role=\"presentation\">Wir behalten uns vor, Ihnen eine gleichwertige Unterkunft in derselben <\/span><span dir=\"ltr\" role=\"presentation\">Anlage oder in Ausnahmef\u00e4llen demselben Ort zuzuweisen, sofern die <\/span><span dir=\"ltr\" role=\"presentation\">gebuchte Unterkunft nicht zur Verf\u00fcgung steht (z.B. Wasserschaden, <\/span><span dir=\"ltr\" role=\"presentation\">\u00dcberbelegung) oder uns ein wirtschaftlicher Schaden<\/span> <span dir=\"ltr\" role=\"presentation\">entstehen w\u00fcrde.<\/span><\/span><\/li><li><span dir=\"ltr\" role=\"presentation\">Im Falle h\u00f6herer Gewalt, z.B. Naturkatastrophen, innere Unruhen, <\/span><span dir=\"ltr\" role=\"presentation\">Anordnungen von Beh\u00f6rden, Terroranschl\u00e4ge, Feuer, Stromausf\u00e4lle, <\/span><span dir=\"ltr\" role=\"presentation\">Unf\u00e4lle,<\/span> <span dir=\"ltr\" role=\"presentation\">Unwetter<\/span><span dir=\"ltr\" role=\"presentation\">&#8211;<\/span><span dir=\"ltr\" role=\"presentation\">\/Elementarsch\u00e4den<\/span> <span dir=\"ltr\" role=\"presentation\">oder Streiks, \u00fcbernehmen wir keine <\/span><span dir=\"ltr\" role=\"presentation\">Haftung.<\/span><\/li><\/ul><\/div>\t\t\t\t\t\t<\/div>\n\t\t\t\t<\/div>\n\t\t\t\t<div class=\"elementor-element elementor-element-0db5fc3 elementor-widget__width-inherit elementor-widget elementor-widget-text-editor\" data-id=\"0db5fc3\" data-element_type=\"widget\" data-widget_type=\"text-editor.default\">\n\t\t\t\t<div class=\"elementor-widget-container\">\n\t\t\t\t\t\t\t<p><strong>Gerichtsstand<\/strong><\/p><div class=\"page\" role=\"region\" data-page-number=\"2\" aria-label=\"Page 2\" data-loaded=\"true\"><ul><li>Gerichtsstand ist Oldenburg in Niedersachsen<\/li><\/ul><\/div>\t\t\t\t\t\t<\/div>\n\t\t\t\t<\/div>\n\t\t\t\t\t<\/div>\n\t\t\t\t<\/div>\n\t\t\t\t<\/div>\n\t\t","protected":false},"excerpt":{"rendered":"<p>Allgemeine Gesch\u00e4ftsbedingungen F\u00fcr die Anmietung von Ferienwohnungen Vertragsschluss, Zahlungen, R\u00fccktrittsrecht Die Buchung kommt durch die Buchung des Mieters und die \u00dcbersendung der\u00a0 \u00a0 \u00a0 \u00a0Buchungsbest\u00e4tigung zustande Die Mietpreise verstehen sich grunds\u00e4tzlich inklusive Strom, Wasser und Heizung. Innerhalb der ersten 2 Wochen nach der Reservierung wird eine Anzahlung von 30% f\u00e4llig. Den Restbetrag bezahlen Sie bitte [&hellip;]<\/p>\n","protected":false},"author":1,"featured_media":0,"parent":0,"menu_order":0,"comment_status":"closed","ping_status":"closed","template":"","meta":{"_acf_changed":false,"footnotes":""},"class_list":["post-2843","page","type-page","status-publish","hentry"],"acf":[],"yoast_head":"<!-- This site is optimized with the Yoast SEO plugin v23.1 - https:\/\/yoast.com\/wordpress\/plugins\/seo\/ -->\n<title>AGB - NETELER Apartments<\/title>\n<meta name=\"robots\" content=\"index, follow, max-snippet:-1, max-image-preview:large, max-video-preview:-1\" \/>\n<link rel=\"canonical\" href=\"https:\/\/www.neteler.eu\/de\/agb\/\" \/>\n<meta property=\"og:locale\" content=\"de_DE\" \/>\n<meta property=\"og:type\" content=\"article\" \/>\n<meta property=\"og:title\" content=\"AGB - NETELER Apartments\" \/>\n<meta property=\"og:description\" content=\"Allgemeine Gesch\u00e4ftsbedingungen F\u00fcr die Anmietung von Ferienwohnungen Vertragsschluss, Zahlungen, R\u00fccktrittsrecht Die Buchung kommt durch die Buchung des Mieters und die \u00dcbersendung der\u00a0 \u00a0 \u00a0 \u00a0Buchungsbest\u00e4tigung zustande Die Mietpreise verstehen sich grunds\u00e4tzlich inklusive Strom, Wasser und Heizung. Innerhalb der ersten 2 Wochen nach der Reservierung wird eine Anzahlung von 30% f\u00e4llig. Den Restbetrag bezahlen Sie bitte [&hellip;]\" \/>\n<meta property=\"og:url\" content=\"https:\/\/www.neteler.eu\/de\/agb\/\" \/>\n<meta property=\"og:site_name\" content=\"NETELER Apartments\" \/>\n<meta property=\"article:modified_time\" content=\"2024-06-21T10:25:55+00:00\" \/>\n<meta name=\"twitter:card\" content=\"summary_large_image\" \/>\n<meta name=\"twitter:label1\" content=\"Gesch\u00e4tzte Lesezeit\" \/>\n\t<meta name=\"twitter:data1\" content=\"3\u00a0Minuten\" \/>\n<script type=\"application\/ld+json\" class=\"yoast-schema-graph\">{\"@context\":\"https:\/\/schema.org\",\"@graph\":[{\"@type\":\"WebPage\",\"@id\":\"https:\/\/www.neteler.eu\/de\/agb\/\",\"url\":\"https:\/\/www.neteler.eu\/de\/agb\/\",\"name\":\"AGB - NETELER Apartments\",\"isPartOf\":{\"@id\":\"https:\/\/www.neteler.eu\/de\/#website\"},\"datePublished\":\"2024-02-08T13:51:13+00:00\",\"dateModified\":\"2024-06-21T10:25:55+00:00\",\"breadcrumb\":{\"@id\":\"https:\/\/www.neteler.eu\/de\/agb\/#breadcrumb\"},\"inLanguage\":\"de\",\"potentialAction\":[{\"@type\":\"ReadAction\",\"target\":[\"https:\/\/www.neteler.eu\/de\/agb\/\"]}]},{\"@type\":\"BreadcrumbList\",\"@id\":\"https:\/\/www.neteler.eu\/de\/agb\/#breadcrumb\",\"itemListElement\":[{\"@type\":\"ListItem\",\"position\":1,\"name\":\"Startseite\",\"item\":\"https:\/\/www.neteler.eu\/de\/\"},{\"@type\":\"ListItem\",\"position\":2,\"name\":\"AGB\"}]},{\"@type\":\"WebSite\",\"@id\":\"https:\/\/www.neteler.eu\/de\/#website\",\"url\":\"https:\/\/www.neteler.eu\/de\/\",\"name\":\"NETELER Apartments\",\"description\":\"\",\"publisher\":{\"@id\":\"https:\/\/www.neteler.eu\/de\/#organization\"},\"potentialAction\":[{\"@type\":\"SearchAction\",\"target\":{\"@type\":\"EntryPoint\",\"urlTemplate\":\"https:\/\/www.neteler.eu\/de\/?s={search_term_string}\"},\"query-input\":\"required name=search_term_string\"}],\"inLanguage\":\"de\"},{\"@type\":\"Organization\",\"@id\":\"https:\/\/www.neteler.eu\/de\/#organization\",\"name\":\"NETELER Apartments\",\"url\":\"https:\/\/www.neteler.eu\/de\/\",\"logo\":{\"@type\":\"ImageObject\",\"inLanguage\":\"de\",\"@id\":\"https:\/\/www.neteler.eu\/de\/#\/schema\/logo\/image\/\",\"url\":\"https:\/\/www.neteler.eu\/wp-content\/uploads\/2024\/01\/logo-2.png\",\"contentUrl\":\"https:\/\/www.neteler.eu\/wp-content\/uploads\/2024\/01\/logo-2.png\",\"width\":800,\"height\":200,\"caption\":\"NETELER Apartments\"},\"image\":{\"@id\":\"https:\/\/www.neteler.eu\/de\/#\/schema\/logo\/image\/\"}}]}<\/script>\n<!-- \/ Yoast SEO plugin. -->","yoast_head_json":{"title":"AGB - NETELER Apartments","robots":{"index":"index","follow":"follow","max-snippet":"max-snippet:-1","max-image-preview":"max-image-preview:large","max-video-preview":"max-video-preview:-1"},"canonical":"https:\/\/www.neteler.eu\/de\/agb\/","og_locale":"de_DE","og_type":"article","og_title":"AGB - NETELER Apartments","og_description":"Allgemeine Gesch\u00e4ftsbedingungen F\u00fcr die Anmietung von Ferienwohnungen Vertragsschluss, Zahlungen, R\u00fccktrittsrecht Die Buchung kommt durch die Buchung des Mieters und die \u00dcbersendung der\u00a0 \u00a0 \u00a0 \u00a0Buchungsbest\u00e4tigung zustande Die Mietpreise verstehen sich grunds\u00e4tzlich inklusive Strom, Wasser und Heizung. Innerhalb der ersten 2 Wochen nach der Reservierung wird eine Anzahlung von 30% f\u00e4llig. Den Restbetrag bezahlen Sie bitte [&hellip;]","og_url":"https:\/\/www.neteler.eu\/de\/agb\/","og_site_name":"NETELER Apartments","article_modified_time":"2024-06-21T10:25:55+00:00","twitter_card":"summary_large_image","twitter_misc":{"Gesch\u00e4tzte Lesezeit":"3\u00a0Minuten"},"schema":{"@context":"https:\/\/schema.org","@graph":[{"@type":"WebPage","@id":"https:\/\/www.neteler.eu\/de\/agb\/","url":"https:\/\/www.neteler.eu\/de\/agb\/","name":"AGB - NETELER Apartments","isPartOf":{"@id":"https:\/\/www.neteler.eu\/de\/#website"},"datePublished":"2024-02-08T13:51:13+00:00","dateModified":"2024-06-21T10:25:55+00:00","breadcrumb":{"@id":"https:\/\/www.neteler.eu\/de\/agb\/#breadcrumb"},"inLanguage":"de","potentialAction":[{"@type":"ReadAction","target":["https:\/\/www.neteler.eu\/de\/agb\/"]}]},{"@type":"BreadcrumbList","@id":"https:\/\/www.neteler.eu\/de\/agb\/#breadcrumb","itemListElement":[{"@type":"ListItem","position":1,"name":"Startseite","item":"https:\/\/www.neteler.eu\/de\/"},{"@type":"ListItem","position":2,"name":"AGB"}]},{"@type":"WebSite","@id":"https:\/\/www.neteler.eu\/de\/#website","url":"https:\/\/www.neteler.eu\/de\/","name":"NETELER Apartments","description":"","publisher":{"@id":"https:\/\/www.neteler.eu\/de\/#organization"},"potentialAction":[{"@type":"SearchAction","target":{"@type":"EntryPoint","urlTemplate":"https:\/\/www.neteler.eu\/de\/?s={search_term_string}"},"query-input":"required name=search_term_string"}],"inLanguage":"de"},{"@type":"Organization","@id":"https:\/\/www.neteler.eu\/de\/#organization","name":"NETELER Apartments","url":"https:\/\/www.neteler.eu\/de\/","logo":{"@type":"ImageObject","inLanguage":"de","@id":"https:\/\/www.neteler.eu\/de\/#\/schema\/logo\/image\/","url":"https:\/\/www.neteler.eu\/wp-content\/uploads\/2024\/01\/logo-2.png","contentUrl":"https:\/\/www.neteler.eu\/wp-content\/uploads\/2024\/01\/logo-2.png","width":800,"height":200,"caption":"NETELER Apartments"},"image":{"@id":"https:\/\/www.neteler.eu\/de\/#\/schema\/logo\/image\/"}}]}},"_links":{"self":[{"href":"https:\/\/www.neteler.eu\/de\/wp-json\/wp\/v2\/pages\/2843"}],"collection":[{"href":"https:\/\/www.neteler.eu\/de\/wp-json\/wp\/v2\/pages"}],"about":[{"href":"https:\/\/www.neteler.eu\/de\/wp-json\/wp\/v2\/types\/page"}],"author":[{"embeddable":true,"href":"https:\/\/www.neteler.eu\/de\/wp-json\/wp\/v2\/users\/1"}],"replies":[{"embeddable":true,"href":"https:\/\/www.neteler.eu\/de\/wp-json\/wp\/v2\/comments?post=2843"}],"version-history":[{"count":30,"href":"https:\/\/www.neteler.eu\/de\/wp-json\/wp\/v2\/pages\/2843\/revisions"}],"predecessor-version":[{"id":10817,"href":"https:\/\/www.neteler.eu\/de\/wp-json\/wp\/v2\/pages\/2843\/revisions\/10817"}],"wp:attachment":[{"href":"https:\/\/www.neteler.eu\/de\/wp-json\/wp\/v2\/media?parent=2843"}],"curies":[{"name":"wp","href":"https:\/\/api.w.org\/{rel}","templated":true}]}}